{"id":115,"date":"2020-08-06T00:31:15","date_gmt":"2020-08-05T22:31:15","guid":{"rendered":"https:\/\/spaziumani.com\/?page_id=115"},"modified":"2020-08-08T09:56:43","modified_gmt":"2020-08-08T07:56:43","slug":"beirut-2020","status":"publish","type":"page","link":"https:\/\/spaziumani.com\/?page_id=115","title":{"rendered":"Beirut 2020"},"content":{"rendered":"<p>[et_pb_section fb_built=&#8221;1&#8243; fullwidth=&#8221;on&#8221; next_background_color=&#8221;#ffffff&#8221; admin_label=&#8221;Header Section&#8221; _builder_version=&#8221;3.22&#8243; background_color=&#8221;#000000&#8243; bottom_divider_style=&#8221;ramp&#8221; bottom_divider_flip=&#8221;horizontal&#8221;][et_pb_fullwidth_header title=&#8221;Un aiuto diretto&#8221; subhead=&#8221;Un aiuto per Beirut&#8221; button_one_text=&#8221;Dona Tramite Money Box&#8221; button_one_url=&#8221;https:\/\/paypal.me\/pools\/c\/8rt0rQdOgp&#8221; content_max_width=&#8221;640px&#8221; _builder_version=&#8221;4.5.3&#8243; title_font=&#8221;Oswald|||on|||||&#8221; title_text_color=&#8221;#ffffff&#8221; title_font_size=&#8221;20px&#8221; title_letter_spacing=&#8221;3px&#8221; title_line_height=&#8221;1.5em&#8221; content_font=&#8221;Lora||||||||&#8221; content_font_size=&#8221;22px&#8221; content_line_height=&#8221;2em&#8221; subhead_font=&#8221;Lora|700|||||||&#8221; subhead_text_color=&#8221;#edf000&#8243; subhead_font_size=&#8221;80px&#8221; subhead_line_height=&#8221;1.5em&#8221; background_enable_color=&#8221;off&#8221; use_background_color_gradient=&#8221;on&#8221; background_color_gradient_start=&#8221;#0a0000&#8243; background_color_gradient_end=&#8221;#2f59e2&#8243; background_image=&#8221;https:\/\/spaziumani.com\/wp-content\/uploads\/2020\/08\/GCA907.jpg&#8221; background_blend=&#8221;darken&#8221; custom_button_one=&#8221;on&#8221; button_one_text_size=&#8221;37px&#8221; button_one_text_color=&#8221;#000000&#8243; button_one_bg_color=&#8221;#edf000&#8243; button_one_border_width=&#8221;15px&#8221; button_one_border_color=&#8221;rgba(210,159,104,0)&#8221; button_one_border_radius=&#8221;100px&#8221; button_one_letter_spacing=&#8221;3px&#8221; button_one_font=&#8221;Oswald|||on|||||&#8221; button_one_icon=&#8221;%%141%%&#8221; button_one_icon_color=&#8221;#e02b20&#8243; custom_button_two=&#8221;on&#8221; button_two_text_size=&#8221;16px&#8221; button_two_text_color=&#8221;#ffffff&#8221; button_two_bg_color=&#8221;rgba(0,0,0,0.35)&#8221; button_two_border_width=&#8221;15px&#8221; button_two_border_color=&#8221;rgba(0,0,0,0)&#8221; button_two_border_radius=&#8221;100px&#8221; button_two_letter_spacing=&#8221;3px&#8221; button_two_font=&#8221;Oswald|||on|||||&#8221; button_two_use_icon=&#8221;off&#8221; custom_margin=&#8221;|||&#8221; custom_padding=&#8221;10vw||10vw||true&#8221; animation_style=&#8221;zoom&#8221; animation_duration=&#8221;2000ms&#8221; animation_intensity_zoom=&#8221;4%&#8221; hover_enabled=&#8221;0&#8243; content_font_size_tablet=&#8221;&#8221; content_font_size_phone=&#8221;16px&#8221; content_font_size_last_edited=&#8221;on|phone&#8221; subhead_font_size_tablet=&#8221;80px&#8221; subhead_font_size_phone=&#8221;50px&#8221; subhead_font_size_last_edited=&#8221;on|desktop&#8221; title_text_shadow_style=&#8221;preset1&#8243; title_text_shadow_color=&#8221;#000000&#8243; button_one_border_radius_hover=&#8221;100px&#8221; button_one_bg_color_hover=&#8221;#cc8d66&#8243; button_two_bg_color_hover=&#8221;#d29f68&#8243; button_one_text_size__hover_enabled=&#8221;off&#8221; button_two_text_size__hover_enabled=&#8221;off&#8221; button_one_text_color__hover_enabled=&#8221;off&#8221; button_two_text_color__hover_enabled=&#8221;off&#8221; button_one_border_width__hover_enabled=&#8221;off&#8221; button_two_border_width__hover_enabled=&#8221;off&#8221; button_one_border_color__hover_enabled=&#8221;off&#8221; button_two_border_color__hover_enabled=&#8221;off&#8221; button_one_border_radius__hover_enabled=&#8221;on&#8221; button_one_border_radius__hover=&#8221;100px&#8221; button_two_border_radius__hover_enabled=&#8221;off&#8221; button_one_letter_spacing__hover_enabled=&#8221;off&#8221; button_two_letter_spacing__hover_enabled=&#8221;off&#8221; button_one_bg_color__hover_enabled=&#8221;on&#8221; button_one_bg_color__hover=&#8221;#cc8d66&#8243; button_two_bg_color__hover_enabled=&#8221;on&#8221; button_two_bg_color__hover=&#8221;#d29f68&#8243;]<\/p>\n<p class=\"p1\">Un canale di supporto alla popolazione colpita dal disastro dell\u2019esplosione del 4 agosto 2020.<\/p>\n<p class=\"p1\">Certi che le grandi organizzazioni compiano benissimo il loro lavoro e che governi ed organizzazioni internazionali stiano intervenendo, abbiamo deciso di metterci in azione anche con un filo diretto con alcune situazioni bisognose di supporto, per riprendere prima possibile una stabilit\u00e0 e un ritorno alla normalit\u00e0.<\/p>\n<p class=\"p1\">\n<p>\u0644\u0644\u062a\u0651\u0628\u0631\u0639 \u0644\u0623\u0647\u0627\u0644\u064a \u0628\u064a\u0631\u0648\u062a \u0627\u0644\u0645\u0641\u062c\u0648\u0639\u064a\u0646 \u062c\u0631\u0651\u0627\u0621 \u0625\u0646\u0641\u062c\u0627\u0631 \u0664 \u0622\u0628 \u0662\u0660\u0662\u0660 \u0625\u0636\u063a\u0637 \u0639\u0644\u0649 \u0627\u0644\u0645\u0631\u0628\u0651\u0639 \u0627\u0644\u0623\u0635\u0641\u0631.<\/p>\n<p>\u0625\u0646\u0651 \u0647\u062f\u0641 \u0647\u0630\u0647 \u0627\u0644\u062a\u0628\u0631\u0639\u0627\u062a \u0645\u0633\u0627\u0639\u062f\u0629 \u0627\u0644\u0634\u0639\u0628 \u0645\u0628\u0627\u0634\u0631\u0629\u064b \u0639\u0628\u0631 \u0623\u0634\u062e\u0627\u0635 \u0645\u0648\u062c\u0648\u062f\u064a\u0646 \u0639\u0644\u0649 \u0633\u0627\u062d\u0629 \u0627\u0644\u062f\u0651\u0645\u0627\u0631 \u0645\u0646\u0630 \u0627\u0644\u0633\u0627\u0639\u0627\u062a \u0627\u0644\u0623\u0648\u0644\u0649 \u0644\u0644\u0641\u0627\u062c\u0639\u0629.<\/p>\n<p>\u0646\u0634\u0643\u0631\u0643\u0645 \u0628\u0625\u0633\u0645 \u0633\u0643\u0627\u0646 \u0628\u064a\u0631\u0648\u062a \u0648\u0627\u0644\u0634\u0639\u0628 \u0627\u0644\u0644\u0628\u0646\u0627\u0646\u064a \u0639\u0644\u0649 \u062a\u0639\u0627\u0637\u0641\u0643\u0645 \u0648\u0643\u0631\u0645\u0643\u0645<\/p>\n<p>&nbsp;<\/p>\n<p>[\/et_pb_fullwidth_header][\/et_pb_section][et_pb_section fb_built=&#8221;1&#8243; next_background_color=&#8221;#232220&#8243; _builder_version=&#8221;3.22&#8243; background_color=&#8221;#f7f7f7&#8243; custom_padding=&#8221;80px|0px|120px|0px|false|false&#8221; bottom_divider_style=&#8221;ramp&#8221;][et_pb_row _builder_version=&#8221;3.25&#8243;][et_pb_column type=&#8221;4_4&#8243; _builder_version=&#8221;3.25&#8243; custom_padding=&#8221;|||&#8221; custom_padding__hover=&#8221;|||&#8221;][et_pb_text _builder_version=&#8221;3.27.4&#8243; text_font=&#8221;||||||||&#8221; header_font=&#8221;||||||||&#8221; header_2_font=&#8221;Lora|700|||||||&#8221; header_2_font_size=&#8221;50px&#8221; header_2_line_height=&#8221;1.5em&#8221; header_5_font=&#8221;Oswald|||on|||||&#8221; header_5_text_color=&#8221;rgba(0,0,0,0.4)&#8221; header_5_font_size=&#8221;20px&#8221; header_5_letter_spacing=&#8221;3px&#8221; header_5_line_height=&#8221;1.7em&#8221; text_orientation=&#8221;center&#8221; max_width=&#8221;600px&#8221; module_alignment=&#8221;center&#8221; text_line_height_last_edited=&#8221;off|desktop&#8221; header_2_font_size_tablet=&#8221;&#8221; header_2_font_size_phone=&#8221;36px&#8221; header_2_font_size_last_edited=&#8221;on|desktop&#8221;]<\/p>\n<h5>Azione<\/h5>\n<h2>Cosa vogliamo fare<\/h2>\n<p>[\/et_pb_text][et_pb_text _builder_version=&#8221;4.4.8&#8243; text_font=&#8221;Lora||||||||&#8221; text_font_size=&#8221;22px&#8221; text_line_height=&#8221;1.8em&#8221; text_font_size_tablet=&#8221;&#8221; text_font_size_phone=&#8221;&#8221; text_font_size_last_edited=&#8221;on|desktop&#8221;]<\/p>\n<p class=\"p1\">Tramite Hamid El Kareh, il nostro contatto che vive alle porte di Beirut e che oggi, 5 agosto 2020 \u00e8 stato nella zona colpita, confermando quanto riportato dai media, un disastro molto esteso e persistente, ci prendiamo la responsabilit\u00e0 di inviare aiuti diretti ad alcune famiglie libanesi .<\/p>\n<p class=\"p1\">Con l\u2019aiuto di Fran\u00e7ois Dahdah che far\u00e0 da tramite e traduttore, i\u00a0fondi raccolti verranno inviati ad Hamid che selezioner\u00e0 i beneficiari e dar\u00e0 un resoconto delle spese fatte, con un reportage anche fotografico.<\/p>\n<p class=\"p1\">I risultati degli aiuti verranno condivisi solo con i donatori.<\/p>\n<p>&nbsp;<\/p>\n<p>[\/et_pb_text][\/et_pb_column][\/et_pb_row][et_pb_row column_structure=&#8221;1_2,1_2&#8243; use_custom_gutter=&#8221;on&#8221; gutter_width=&#8221;2&#8243; admin_label=&#8221;Services Row&#8221; _builder_version=&#8221;3.25&#8243;][et_pb_column type=&#8221;1_2&#8243; _builder_version=&#8221;3.25&#8243; custom_padding=&#8221;|||&#8221; custom_padding__hover=&#8221;|||&#8221;][et_pb_blurb title=&#8221;SUpporto al ripristino abitativo&#8221; image=&#8221;https:\/\/spaziumani.com\/wp-content\/uploads\/2020\/08\/house.png&#8221; image_max_width=&#8221;64px&#8221; admin_label=&#8221;Service&#8221; _builder_version=&#8221;3.3.1&#8243; header_font=&#8221;Oswald|||on|||||&#8221; header_text_align=&#8221;center&#8221; header_letter_spacing=&#8221;3px&#8221; header_line_height=&#8221;1.7em&#8221; body_font=&#8221;Lora||||||||&#8221; body_font_size=&#8221;16px&#8221; body_line_height=&#8221;2em&#8221; text_orientation=&#8221;center&#8221; animation_style=&#8221;fade&#8221; animation_delay=&#8221;300ms&#8221; animation=&#8221;off&#8221;]<\/p>\n<p class=\"p1\">300.000 persone senza casa, noi proveremo ad aiutarne qualcuna in modo diretto, fornendo la liquidit\u00e0 necessaria a ripristinare l\u2019immobile nella fase dell\u2019emergenza.<\/p>\n<p>[\/et_pb_blurb][\/et_pb_column][et_pb_column type=&#8221;1_2&#8243; _builder_version=&#8221;3.25&#8243; custom_padding=&#8221;|||&#8221; custom_padding__hover=&#8221;|||&#8221;][et_pb_blurb title=&#8221;SUpporto per l&#8217;istruzione&#8221; image=&#8221;https:\/\/spaziumani.com\/wp-content\/uploads\/2020\/08\/neuter.png&#8221; image_max_width=&#8221;64px&#8221; admin_label=&#8221;Service&#8221; _builder_version=&#8221;3.3.1&#8243; header_font=&#8221;Oswald|||on|||||&#8221; header_text_align=&#8221;center&#8221; header_letter_spacing=&#8221;3px&#8221; header_line_height=&#8221;1.7em&#8221; body_font=&#8221;Lora||||||||&#8221; body_font_size=&#8221;16px&#8221; body_line_height=&#8221;2em&#8221; text_orientation=&#8221;center&#8221; animation_style=&#8221;fade&#8221; animation_delay=&#8221;200ms&#8221; animation=&#8221;off&#8221;]<\/p>\n<p class=\"p1\">Bambini scossi, senza scuola, asili e servizi attivi per le settimane successive al disastro, noi proveremo a fornire materiale didattico e di svago ( colori, fogli, libri ) per alcuni bambini residenti nell\u2019area colpita.<\/p>\n<p>[\/et_pb_blurb][\/et_pb_column][\/et_pb_row][et_pb_row _builder_version=&#8221;4.4.8&#8243;][et_pb_column type=&#8221;4_4&#8243; _builder_version=&#8221;4.4.8&#8243;][et_pb_cta title=&#8221;Dona ora tramite Money Box&#8221; button_url=&#8221;https:\/\/paypal.me\/pools\/c\/8rt0rQdOgp&#8221; url_new_window=&#8221;on&#8221; button_text=&#8221;Donazione &#8221; _builder_version=&#8221;4.4.8&#8243; background_color=&#8221;#edf000&#8243; custom_button=&#8221;on&#8221; button_border_width=&#8221;5px&#8221; button_icon=&#8221;%%141%%&#8221; background_layout=&#8221;light&#8221;][\/et_pb_cta][\/et_pb_column][\/et_pb_row][\/et_pb_section][et_pb_section fb_built=&#8221;1&#8243; admin_label=&#8221;Footer Section&#8221; _builder_version=&#8221;4.4.8&#8243; background_color=&#8221;#232220&#8243; use_background_color_gradient=&#8221;on&#8221; background_color_gradient_start=&#8221;#232220&#8243; background_color_gradient_end=&#8221;rgba(35,34,32,0.13)&#8221; background_color_gradient_start_position=&#8221;25%&#8221; background_color_gradient_overlays_image=&#8221;on&#8221; background_image=&#8221;https:\/\/spaziumani.com\/wp-content\/uploads\/2020\/08\/beirut-1.jpg&#8221; parallax=&#8221;on&#8221; custom_padding=&#8221;80px|0px|80px|0px|true|false&#8221; saved_tabs=&#8221;all&#8221;][et_pb_row admin_label=&#8221;Subscribe&#8221; _builder_version=&#8221;4.4.8&#8243; custom_margin=&#8221;|||&#8221; custom_padding=&#8221;|||&#8221; animation_style=&#8221;zoom&#8221; animation_intensity_zoom=&#8221;5%&#8221;][et_pb_column type=&#8221;4_4&#8243; _builder_version=&#8221;3.25&#8243; custom_padding=&#8221;|||&#8221; custom_padding__hover=&#8221;|||&#8221;][et_pb_text _builder_version=&#8221;4.4.8&#8243; text_font=&#8221;Aclonica||||||||&#8221; text_text_color=&#8221;#ffffff&#8221; text_font_size=&#8221;41px&#8221; text_line_height=&#8221;1.8em&#8221; text_orientation=&#8221;center&#8221; text_text_shadow_style=&#8221;preset4&#8243;]<\/p>\n<p style=\"text-align: center;\">Cosa \u00e8 successo il 4 agosto 2020<\/p>\n<p>[\/et_pb_text][et_pb_code _builder_version=&#8221;4.5.3&#8243; width=&#8221;55%&#8221; width_tablet=&#8221;87%&#8221; width_phone=&#8221;&#8221; width_last_edited=&#8221;on|tablet&#8221; module_alignment=&#8221;center&#8221;]<\/p>\n<div class=\"fb-video\" data-href=\"https:\/\/www.facebook.com\/agora.fanpage.it\/videos\/686998728518908\/\" data-show-text=\"false\" data-width=\"\">\n<blockquote cite=\"https:\/\/developers.facebook.com\/agora.fanpage.it\/videos\/686998728518908\/\" class=\"fb-xfbml-parse-ignore\"><p><a href=\"https:\/\/developers.facebook.com\/agora.fanpage.it\/videos\/686998728518908\/\">Beirut, il giorno dopo la tragica esplosione: \u201cSembra l&#8217;apocalisse\u201d<\/a><pee>&#8220;Sembra l&#8217;apocalisse&#8221;.<!-- [et_pb_line_break_holder] --><!-- [et_pb_line_break_holder] -->A Beirut 24 ore dopo la tragica esplosione restano solo macerie e dolore.<\/pee>Pubblicato da <a href=\"https:\/\/www.facebook.com\/agora.fanpage.it\/\">Agor\u00e0 Fanpage.it<\/a> su Mercoled\u00ec 5 agosto 2020<\/p><\/blockquote>\n<\/div>\n<p>[\/et_pb_code][\/et_pb_column][\/et_pb_row][\/et_pb_section][et_pb_section fb_built=&#8221;1&#8243; admin_label=&#8221;Services Section&#8221; _builder_version=&#8221;3.22&#8243; background_color=&#8221;#232220&#8243; custom_padding=&#8221;80px||0||false|false&#8221;][et_pb_row column_structure=&#8221;1_2,1_2&#8243; admin_label=&#8221;Services Row&#8221; _builder_version=&#8221;3.25&#8243;][et_pb_column type=&#8221;1_2&#8243; _builder_version=&#8221;3.25&#8243; custom_padding=&#8221;|||&#8221; custom_padding__hover=&#8221;|||&#8221;][et_pb_text _builder_version=&#8221;3.27.4&#8243; text_font=&#8221;Lora||||||||&#8221; text_font_size=&#8221;18px&#8221; text_line_height=&#8221;2em&#8221; header_font=&#8221;||||||||&#8221; header_2_font=&#8221;Lora|700|||||||&#8221; header_2_font_size=&#8221;50px&#8221; header_2_line_height=&#8221;1.5em&#8221; header_5_font=&#8221;Oswald|||on|||||&#8221; header_5_text_color=&#8221;rgba(255,255,255,0.4)&#8221; header_5_font_size=&#8221;20px&#8221; header_5_letter_spacing=&#8221;3px&#8221; header_5_line_height=&#8221;1.7em&#8221; background_layout=&#8221;dark&#8221; max_width=&#8221;600px&#8221; module_alignment=&#8221;center&#8221; text_line_height_last_edited=&#8221;off|desktop&#8221; header_2_font_size_tablet=&#8221;&#8221; header_2_font_size_phone=&#8221;36px&#8221; header_2_font_size_last_edited=&#8221;on|desktop&#8221;]<\/p>\n<h5>About Us<\/h5>\n<h2>Empatia<\/h2>\n<p><span>L\u2019empatia \u00e8 la capacit\u00e0 di comprendere appieno lo stato d&#8217;animo altrui, sia che si tratti di gioia, che di dolore. Il significato etimologico del termine \u00e8 &#8220;sentire dentro&#8221;, ad esempio &#8220;mettersi nei panni dell&#8217;altro&#8221;, ed \u00e8 una capacit\u00e0 che fa parte dell&#8217;esperienza umana ed animale. <a href=\"https:\/\/it.wikipedia.org\/wiki\/Empatia\">wikipedia<\/a><\/span><\/p>\n<p>[\/et_pb_text][\/et_pb_column][et_pb_column type=&#8221;1_2&#8243; _builder_version=&#8221;3.25&#8243; custom_padding=&#8221;|||&#8221; custom_padding__hover=&#8221;|||&#8221;][et_pb_text _builder_version=&#8221;3.27.4&#8243; text_font=&#8221;Lora||||||||&#8221; text_font_size=&#8221;18px&#8221; text_line_height=&#8221;2em&#8221; header_font=&#8221;||||||||&#8221; header_5_font=&#8221;|||on|||||&#8221; background_layout=&#8221;dark&#8221; max_width=&#8221;600px&#8221; custom_padding=&#8221;21px|||&#8221; text_line_height_last_edited=&#8221;off|desktop&#8221;]<\/p>\n<p class=\"p1\">Quella esplosione, qualsiasi sia la sua origine o intenzione, ha risuonato dentro di me, con violenza, lasciandomi poco spazio per altri pensieri.<\/p>\n<p class=\"p1\">Mi chiamo Luca Andrea Marazzini, ed abito in un luogo abbastanza sicuro di questo pianet\u00e0, in un luogo abbastanza salubre e privo di guerre.<\/p>\n<p class=\"p1\">Seguo da qui drammi e felicit\u00e0 del mondo, e grazie a Francois, un amico di origini libanesi, qualche giorno fa ho parlato, immaginato e sognato il Libano.<\/p>\n<p class=\"p1\">Vederlo esplodere mi ha scosso terribilmente.<\/p>\n<p>&nbsp;<\/p>\n<p>[\/et_pb_text][\/et_pb_column][\/et_pb_row][et_pb_row _builder_version=&#8221;4.5.3&#8243; _module_preset=&#8221;default&#8221;][et_pb_column type=&#8221;4_4&#8243; _builder_version=&#8221;4.5.3&#8243; _module_preset=&#8221;default&#8221;][et_pb_accordion _builder_version=&#8221;4.5.3&#8243; _module_preset=&#8221;default&#8221;][et_pb_accordion_item title=&#8221;English Info&#8221; open=&#8221;on&#8221; _builder_version=&#8221;4.5.3&#8243; _module_preset=&#8221;default&#8221;]<\/p>\n<div class=\"page\" title=\"Page 1\">\n<div class=\"layoutArea\">\n<div class=\"column\">\n<p><span>This spontaneous and genuine initiative was born from the ideas and feelings that me, Francois Dahdah, and my friend Luca Andrea Marazzini, shared following the news of the explosion that took place in the port of Beirut and the consequent disaster that our beloved capital is experiencing. Our idea is to transform the donations collected into concrete and tangible actions. To this end, and with all respect for traditional organizations, we made the precise choice to intervene directly on site, through the humanity and sensibility of Luca, my intermediation, and the great work that my friend Hamid will carry out in the field, with the help of his fellows and volunteers who are already at work in the exploded Beirut. Our backgrounds are different, but what unites us are our strong principles and beliefs: social responsibility, determination, empathy, compassion, creativity and the desire to be useful always and especially in this delicate moment for lebanese people in Lebanon. The interventions that we will be able\u00a0<\/span><span style=\"font-size: 14px;\">to achieve will be demonstrated through written reports and photographic documentaries, and shared only with donors.<\/span><\/p>\n<p><span>We thank you on behalf of all Beirut&#8217;s citizens and lebanese people that will receive help through your donation. <\/span><\/p>\n<h4 class=\"et_pb_module_header\"><\/h4>\n<h4 class=\"et_pb_module_header\">Fran\u00e7ois<\/h4>\n<\/div>\n<\/div>\n<\/div>\n<p>[\/et_pb_accordion_item][\/et_pb_accordion][\/et_pb_column][\/et_pb_row][\/et_pb_section][et_pb_section fb_built=&#8221;1&#8243; next_background_color=&#8221;#ffffff&#8221; _builder_version=&#8221;4.4.8&#8243; background_color=&#8221;#232220&#8243; use_background_color_gradient=&#8221;on&#8221; background_color_gradient_start=&#8221;#232220&#8243; background_color_gradient_end=&#8221;rgba(255,255,255,0)&#8221; background_color_gradient_overlays_image=&#8221;on&#8221; background_image=&#8221;https:\/\/spaziumani.com\/wp-content\/uploads\/2020\/08\/pet-20.jpg&#8221; custom_padding=&#8221;0|0px|120px|0px|false|false&#8221; bottom_divider_style=&#8221;ramp&#8221;][\/et_pb_section][et_pb_section fb_built=&#8221;1&#8243; _builder_version=&#8221;4.4.8&#8243;][et_pb_row _builder_version=&#8221;4.4.8&#8243;][et_pb_column type=&#8221;4_4&#8243; _builder_version=&#8221;4.4.8&#8243;][et_pb_text _builder_version=&#8221;4.5.3&#8243; text_font=&#8221;Aclonica||||||||&#8221; text_text_color=&#8221;#000000&#8243; text_font_size=&#8221;41px&#8221; text_line_height=&#8221;1.8em&#8221; text_orientation=&#8221;center&#8221; hover_enabled=&#8221;0&#8243; text_text_shadow_style=&#8221;preset4&#8243;]<\/p>\n<p style=\"text-align: center;\">Ci mettiamo la Faccia<\/p>\n<p>[\/et_pb_text][et_pb_text _builder_version=&#8221;4.4.8&#8243; text_font=&#8221;Lora||||||||&#8221; text_font_size=&#8221;16px&#8221; text_letter_spacing=&#8221;4px&#8221; text_font_tablet=&#8221;&#8221; text_font_phone=&#8221;&#8221; text_font_last_edited=&#8221;on|phone&#8221;]<\/p>\n<p>Un progetto nato da incontri e racconti casuali precedenti al disastro, che in questa situazione ci hanno unito nell&#8217;azione che vogliamo portare a termine.<\/p>\n<p>Prendiamo la responsabilit\u00e0 di dare valore reale alle donazioni che Family &amp; Friends hanno accordato a questa piccola missione di supporto.<\/p>\n<p>[\/et_pb_text][\/et_pb_column][\/et_pb_row][et_pb_row column_structure=&#8221;1_3,1_3,1_3&#8243; _builder_version=&#8221;4.5.3&#8243; hover_enabled=&#8221;0&#8243;][et_pb_column type=&#8221;1_3&#8243; _builder_version=&#8221;4.4.8&#8243;][et_pb_team_member name=&#8221;Luca Andrea Marazzini&#8221; position=&#8221;L&#8217;uomo nei monti, Coordinamento &#8221; image_url=&#8221;https:\/\/spaziumani.com\/wp-content\/uploads\/2020\/08\/IMG_20200802_130655-e1596752086270.jpg&#8221; facebook_url=&#8221;https:\/\/www.facebook.com\/kreativemilano&#8221; linkedin_url=&#8221;https:\/\/www.linkedin.com\/in\/kreativemilano\/&#8221; _builder_version=&#8221;4.5.3&#8243; hover_enabled=&#8221;0&#8243; border_radii_image=&#8221;on|76px|76px|76px|76px&#8221; box_shadow_style_image=&#8221;preset1&#8243; title_text=&#8221;IMG_20200802_130655&#8243; border_width_all_image=&#8221;3px&#8221; border_color_all_image=&#8221;#000000&#8243;]<\/p>\n<p>&nbsp;<\/p>\n<p>Kreativo con la testa tra le nuvole, vivendo sopra i 1000 metri, mi occupo di eventi e progetti commerciali e sociali.<\/p>\n<p>Umanista e sempre pronto all&#8217;azione.<\/p>\n<p>[\/et_pb_team_member][\/et_pb_column][et_pb_column type=&#8221;1_3&#8243; _builder_version=&#8221;4.4.8&#8243;][et_pb_team_member name=&#8221;Fran\u00e7ois Dahdah&#8221; position=&#8221;Il ponte tra l&#8217;Italia e il Libano&#8221; _builder_version=&#8221;4.5.3&#8243; hover_enabled=&#8221;0&#8243; border_radii_image=&#8221;on|76px|76px|76px|76px&#8221; title_text=&#8221;WhatsApp Image 2020-08-06 at 16.25.44&#8243; image_url=&#8221;https:\/\/spaziumani.com\/wp-content\/uploads\/2020\/08\/WhatsApp-Image-2020-08-06-at-16.25.44-768&#215;1024.jpeg&#8221; border_width_all_image=&#8221;3px&#8221;]<\/p>\n<p><a href=\"mailto:fodahdah@gmail.com\" target=\"_blank\" rel=\"noopener noreferrer\">fodahdah@gmail.com<\/a><\/p>\n<p>Narratore appassionato, mi nutro di storie, racconti e progetti che divulgo con slancio e trasporto. Il mio ambiente ideale? Ovunque ci sia contatto umano.<\/p>\n<p>[\/et_pb_team_member][\/et_pb_column][et_pb_column type=&#8221;1_3&#8243; _builder_version=&#8221;4.4.8&#8243;][et_pb_team_member name=&#8221; Hamid El Kareh&#8221; position=&#8221;L&#8217;uomo a Beirut&#8221; image_url=&#8221;https:\/\/spaziumani.com\/wp-content\/uploads\/2020\/08\/WhatsApp-Image-2020-08-06-at-19.53.32-e1596752568415.jpeg&#8221; _builder_version=&#8221;4.5.3&#8243; hover_enabled=&#8221;0&#8243; border_radii_image=&#8221;on|76px|76px|76px|76px&#8221; title_text=&#8221;WhatsApp Image 2020-08-06 at 19.53.32&#8243; border_width_all_image=&#8221;3px&#8221;]<\/p>\n<p>L&#8217;agricoltura \u00e8 ci\u00f2 che faccio. Sono un attivista sociale guidato dalla passione e dall&#8217;umanesimo.<\/p>\n<p>Sono sempre pronto ad aiutare e supportare gli altri.<\/p>\n<p>[\/et_pb_team_member][\/et_pb_column][\/et_pb_row][\/et_pb_section][et_pb_section fb_built=&#8221;1&#8243; _builder_version=&#8221;4.4.8&#8243;][et_pb_row _builder_version=&#8221;4.4.8&#8243;][et_pb_column type=&#8221;4_4&#8243; _builder_version=&#8221;4.4.8&#8243;][et_pb_map address=&#8221;Beirut, Libano&#8221; address_lat=&#8221;33.8937913&#8243; address_lng=&#8221;35.5017767&#8243; _builder_version=&#8221;4.4.8&#8243; child_filter_contrast=&#8221;117%&#8221;][\/et_pb_map][\/et_pb_column][\/et_pb_row][et_pb_row column_structure=&#8221;1_2,1_2&#8243; _builder_version=&#8221;4.4.8&#8243; border_width_all=&#8221;6px&#8221; border_color_all=&#8221;#e09900&#8243; border_width_right=&#8221;8px&#8221;][et_pb_column type=&#8221;1_2&#8243; _builder_version=&#8221;4.4.8&#8243;][et_pb_text _builder_version=&#8221;4.4.8&#8243; text_font_size=&#8221;28px&#8221; link_option_url=&#8221;https:\/\/it.wikipedia.org\/wiki\/Libano&#8221; link_option_url_new_window=&#8221;on&#8221;]<\/p>\n<p style=\"text-align: center;\">Wikipedia \/\u00a0 Libano<\/p>\n<p>[\/et_pb_text][et_pb_text _builder_version=&#8221;4.4.8&#8243; text_font_size=&#8221;28px&#8221; link_option_url=&#8221;https:\/\/it.wikipedia.org\/wiki\/Beirut&#8221; link_option_url_new_window=&#8221;on&#8221;]<\/p>\n<p style=\"text-align: center;\">Wikipedia \/\u00a0 Beirut<\/p>\n<p>[\/et_pb_text][\/et_pb_column][et_pb_column type=&#8221;1_2&#8243; _builder_version=&#8221;4.4.8&#8243;][et_pb_text _builder_version=&#8221;4.4.8&#8243; text_font_size=&#8221;28px&#8221; link_option_url=&#8221;https:\/\/costodellavita.com\/prezzi-e-salari-a-libano-paese\/&#8221; link_option_url_new_window=&#8221;on&#8221;]<\/p>\n<p style=\"text-align: center;\">Costo della vita in Libano<\/p>\n<p>[\/et_pb_text][\/et_pb_column][\/et_pb_row][\/et_pb_section]<\/p>\n","protected":false},"excerpt":{"rendered":"<p>Un canale di supporto alla popolazione colpita dal disastro dell\u2019esplosione del 4 agosto 2020. Certi che le grandi organizzazioni compiano benissimo il loro lavoro e che governi ed organizzazioni internazionali stiano intervenendo, abbiamo deciso di metterci in azione anche con un filo diretto con alcune situazioni bisognose di supporto, per riprendere prima possibile una stabilit\u00e0 [&hellip;]<\/p>\n","protected":false},"author":1,"featured_media":0,"parent":0,"menu_order":0,"comment_status":"closed","ping_status":"closed","template":"","meta":{"_et_pb_use_builder":"on","_et_pb_old_content":"","_et_gb_content_width":"","footnotes":""},"class_list":["post-115","page","type-page","status-publish","hentry"],"_links":{"self":[{"href":"https:\/\/spaziumani.com\/index.php?rest_route=\/wp\/v2\/pages\/115","targetHints":{"allow":["GET"]}}],"collection":[{"href":"https:\/\/spaziumani.com\/index.php?rest_route=\/wp\/v2\/pages"}],"about":[{"href":"https:\/\/spaziumani.com\/index.php?rest_route=\/wp\/v2\/types\/page"}],"author":[{"embeddable":true,"href":"https:\/\/spaziumani.com\/index.php?rest_route=\/wp\/v2\/users\/1"}],"replies":[{"embeddable":true,"href":"https:\/\/spaziumani.com\/index.php?rest_route=%2Fwp%2Fv2%2Fcomments&post=115"}],"version-history":[{"count":5,"href":"https:\/\/spaziumani.com\/index.php?rest_route=\/wp\/v2\/pages\/115\/revisions"}],"predecessor-version":[{"id":239,"href":"https:\/\/spaziumani.com\/index.php?rest_route=\/wp\/v2\/pages\/115\/revisions\/239"}],"wp:attachment":[{"href":"https:\/\/spaziumani.com\/index.php?rest_route=%2Fwp%2Fv2%2Fmedia&parent=115"}],"curies":[{"name":"wp","href":"https:\/\/api.w.org\/{rel}","templated":true}]}}